{"id":1251,"date":"2018-06-20T12:34:11","date_gmt":"2018-06-20T11:34:11","guid":{"rendered":"https:\/\/wordpress.apm.pt\/?page_id=1251"},"modified":"2018-11-27T16:00:05","modified_gmt":"2018-11-27T16:00:05","slug":"a-matematica-nos-primeiros-anos-2018","status":"publish","type":"page","link":"https:\/\/wordpress.apm.pt\/?page_id=1251","title":{"rendered":"A Matem\u00e1tica nos primeiros anos 2018"},"content":{"rendered":"<p><img loading=\"lazy\" decoding=\"async\" data-attachment-id=\"1265\" data-permalink=\"https:\/\/wordpress.apm.pt\/?attachment_id=1265\" data-orig-file=\"https:\/\/wordpress.apm.pt\/wp-content\/uploads\/2018\/06\/banner_1anos.png\" data-orig-size=\"1621,240\" data-comments-opened=\"1\" data-image-meta=\"{&quot;aperture&quot;:&quot;0&quot;,&quot;credit&quot;:&quot;&quot;,&quot;camera&quot;:&quot;&quot;,&quot;caption&quot;:&quot;&quot;,&quot;created_timestamp&quot;:&quot;0&quot;,&quot;copyright&quot;:&quot;&quot;,&quot;focal_length&quot;:&quot;0&quot;,&quot;iso&quot;:&quot;0&quot;,&quot;shutter_speed&quot;:&quot;0&quot;,&quot;title&quot;:&quot;&quot;,&quot;orientation&quot;:&quot;0&quot;}\" data-image-title=\"banner_1anos\" data-image-description=\"\" data-image-caption=\"\" data-large-file=\"https:\/\/wordpress.apm.pt\/wp-content\/uploads\/2018\/06\/banner_1anos.png\" class=\"alignnone wp-image-1265\" src=\"https:\/\/wordpress.apm.pt\/wp-content\/uploads\/2018\/06\/banner_1anos-300x44.png\" alt=\"\" width=\"805\" height=\"118\" srcset=\"https:\/\/wordpress.apm.pt\/wp-content\/uploads\/2018\/06\/banner_1anos.png 300w, https:\/\/wordpress.apm.pt\/wp-content\/uploads\/2018\/06\/banner_1anos.png 768w, https:\/\/wordpress.apm.pt\/wp-content\/uploads\/2018\/06\/banner_1anos.png 1024w, https:\/\/wordpress.apm.pt\/wp-content\/uploads\/2018\/06\/banner_1anos.png 1621w\" sizes=\"auto, (max-width: 805px) 100vw, 805px\" \/><\/p>\n<p><strong>XXI Encontro Nacional <em>A<\/em><\/strong><strong><em> Matem\u00e1tica nos Primeiros Anos<\/em> (Pr\u00e9, 1.\u00ba e 2.\u00ba Ciclos)<\/strong><\/p>\n<p>O encontro nacional da APM dedicado ao ensino da Matem\u00e1tica nos primeiros anos de escolaridade (1.\u00ba e 2.\u00ba ciclos) e pr\u00e9-escolar realizou-se este ano no Instituto de Educa\u00e7\u00e3o da Universidade do Minho, em Braga, nos dias 9 e 10 de novembro de 2018.<\/p>\n<p>&nbsp;<\/p>\n<p>&nbsp;<\/p>\n<p><strong>Sess\u00f5es Pr\u00e1ticas com discuss\u00e3o (2,5h), Comunica\u00e7\u00f5es em simp\u00f3sios (20 min) <\/strong><\/p>\n<p>As sess\u00f5es pr\u00e1ticas e as comunica\u00e7\u00f5es para os simp\u00f3sios no Encontro \u201cA Matem\u00e1tica nos primeiros anos de 2018\u201d s\u00e3o propostas\u00a0e dinamizadas por\u00a0participantes no encontro, fundamentalmente sobre temas e abordagens de ensino e materiais did\u00e1ticos. As sess\u00f5es pr\u00e1ticas contemplam a realiza\u00e7\u00e3o de trabalho pr\u00e1tico e discuss\u00e3o e t\u00eam a dura\u00e7\u00e3o de duas horas e meia e as comunica\u00e7\u00f5es t\u00eam a dura\u00e7\u00e3o de 20 minutos, reservando-se no final do simp\u00f3sio 15\/20 minutos para discuss\u00e3o.<\/p>\n<p><strong>Submiss\u00e3o de Sess\u00f5es Pr\u00e1ticas e Comunica\u00e7\u00f5es <\/strong><br \/>\nOs participantes no encontro podem submeter propostas de <a href=\"https:\/\/wordpress.apm.pt\/wp-content\/uploads\/2018\/06\/Encontro_Primeiros_Anos_2018_SP.docx\">sess\u00f5es pr\u00e1ticas<\/a> e <a href=\"https:\/\/wordpress.apm.pt\/wp-content\/uploads\/2018\/06\/resumo_Encontro_Primeiros_Anos_2018_CO.docx\">comunica\u00e7\u00f5es<\/a>. As propostas devem incluir um resumo em Portugu\u00eas. A extens\u00e3o dos resumos n\u00e3o deve ultrapassar os 1500 caracteres (incluindo espa\u00e7os).\u00a0 Os textos das propostas devem respeitar rigorosamente as normas de formata\u00e7\u00e3o que constam nos respetivos modelos disponibilizados e ser enviados para\u00a0<a href=\"mailto:centroformacaoapm@gmail.com\">centroformacaoapm@gmail.com<\/a> \u00a0at\u00e9 ao dia\u00a0<strong>16 de julho de 2018<\/strong>.<\/p>\n<p><strong>Informa\u00e7\u00e3o adicional:<\/strong><\/p>\n<ul>\n<li>Cada autor s\u00f3 pode submeter no m\u00e1ximo 2 comunica\u00e7\u00f5es e\/ou uma sess\u00e3o pr\u00e1tica com o seu nome;<\/li>\n<li>Todos os autores que apresentam a comunica\u00e7\u00e3o e\/ou dinamizam a sess\u00e3o pr\u00e1tica t\u00eam de se inscrever no encontro;<\/li>\n<li>S\u00f3 ser\u00e1 entregue certificado a quem apresentar a comunica\u00e7\u00e3o e\/ou dinamizar a sess\u00e3o pr\u00e1tica.<\/li>\n<\/ul>\n<p>&nbsp;<\/p>\n<p><strong>A comunica\u00e7\u00e3o de aceita\u00e7\u00e3o \u00e9 realizada at\u00e9 20 de julho, podendo ser solicitada previamente informa\u00e7\u00e3o adicional se necess\u00e1rio.<\/strong><\/p>\n","protected":false},"excerpt":{"rendered":"<p>XXI Encontro Nacional A Matem\u00e1tica nos Primeiros Anos (Pr\u00e9, 1.\u00ba e 2.\u00ba Ciclos) O encontro nacional da APM dedicado ao ensino da Matem\u00e1tica nos primeiros anos de escolaridade (1.\u00ba e 2.\u00ba ciclos) e pr\u00e9-escolar realizou-se este ano no Instituto de Educa\u00e7\u00e3o da Universidade do Minho, em Braga, nos dias 9 e 10 de novembro de [&hellip;]<\/p>\n","protected":false},"author":5,"featured_media":0,"parent":0,"menu_order":0,"comment_status":"closed","ping_status":"closed","template":"","meta":{"_monsterinsights_skip_tracking":false,"_monsterinsights_sitenote_active":false,"_monsterinsights_sitenote_note":"","_monsterinsights_sitenote_category":0,"jetpack_post_was_ever_published":false,"footnotes":""},"class_list":["post-1251","page","type-page","status-publish","hentry"],"jetpack_sharing_enabled":true,"jetpack_shortlink":"https:\/\/wp.me\/P8Nl6b-kb","jetpack-related-posts":[],"_links":{"self":[{"href":"https:\/\/wordpress.apm.pt\/index.php?rest_route=\/wp\/v2\/pages\/1251","targetHints":{"allow":["GET"]}}],"collection":[{"href":"https:\/\/wordpress.apm.pt\/index.php?rest_route=\/wp\/v2\/pages"}],"about":[{"href":"https:\/\/wordpress.apm.pt\/index.php?rest_route=\/wp\/v2\/types\/page"}],"author":[{"embeddable":true,"href":"https:\/\/wordpress.apm.pt\/index.php?rest_route=\/wp\/v2\/users\/5"}],"replies":[{"embeddable":true,"href":"https:\/\/wordpress.apm.pt\/index.php?rest_route=%2Fwp%2Fv2%2Fcomments&post=1251"}],"version-history":[{"count":11,"href":"https:\/\/wordpress.apm.pt\/index.php?rest_route=\/wp\/v2\/pages\/1251\/revisions"}],"predecessor-version":[{"id":1554,"href":"https:\/\/wordpress.apm.pt\/index.php?rest_route=\/wp\/v2\/pages\/1251\/revisions\/1554"}],"wp:attachment":[{"href":"https:\/\/wordpress.apm.pt\/index.php?rest_route=%2Fwp%2Fv2%2Fmedia&parent=1251"}],"curies":[{"name":"wp","href":"https:\/\/api.w.org\/{rel}","templated":true}]}}