{"id":129,"date":"2017-07-22T17:58:45","date_gmt":"2017-07-22T17:58:45","guid":{"rendered":"https:\/\/wordpress.apm.pt\/?page_id=129"},"modified":"2018-01-17T13:44:40","modified_gmt":"2018-01-17T13:44:40","slug":"nucleos-regionais","status":"publish","type":"page","link":"https:\/\/wordpress.apm.pt\/?page_id=129","title":{"rendered":"N\u00facleos Regionais"},"content":{"rendered":"<p>Os N\u00facleos Regionais s\u00e3o estruturas da APM que t\u00eam como objetivos divulgar a APM na regi\u00e3o em que se inserem, dinamizar realiza\u00e7\u00f5es locais e promover a comunica\u00e7\u00e3o entre os s\u00f3cios. No geral procuram liga\u00e7\u00e3o aos professores da sua regi\u00e3o atrav\u00e9s dos boletins informativos, do empr\u00e9stimo de materiais ou da realiza\u00e7\u00e3o de encontros regionais. S\u00e3o criados quando um grupo de s\u00f3cios de uma regi\u00e3o manifesta interesse nesse sentido e o dinamismo dos mesmos assim o justifica. Cada n\u00facleo elege uma comiss\u00e3o coordenadora, com um m\u00ednimo de 3 elementos. Neste momento existem 15 N\u00facleos Regionais.<\/p>\n<p>A hist\u00f3ria de cada n\u00facleo est\u00e1 profundamente ligada \u00e0s caracter\u00edsticas de cada regi\u00e3o e \u00e0 din\u00e2mica dos professores associados. Alguns t\u00eam p\u00e1gina pr\u00f3pria.<\/p>\n<pre style=\"padding-left: 30px;\"><span style=\"font-family: arial, helvetica, sans-serif;\">N\u00facleo do Algarve\r\n<\/span><span style=\"font-family: arial, helvetica, sans-serif;\">N\u00facleo de Aveiro<\/span>\r\n<span style=\"font-family: arial, helvetica, sans-serif;\">N\u00facleo de Braga<\/span>\r\n<span style=\"font-family: arial, helvetica, sans-serif;\">N\u00facleo de Bragan\u00e7a<\/span>\r\n<span style=\"font-family: arial, helvetica, sans-serif;\">N\u00facleo de Castelo Branco<\/span>\r\n<span style=\"font-family: arial, helvetica, sans-serif;\">N\u00facleo de Coimbra<\/span>\r\n<span style=\"font-family: arial, helvetica, sans-serif;\">N\u00facleo da Covilh\u00e3<\/span>\r\n<span style=\"font-family: arial, helvetica, sans-serif;\">N\u00facleo de \u00c9vora<\/span>\r\n<span style=\"font-family: arial, helvetica, sans-serif;\">N\u00facleo de Leiria<\/span>\r\n<span style=\"font-family: arial, helvetica, sans-serif;\">N\u00facleo de Lisboa<\/span>\r\n<span style=\"font-family: arial, helvetica, sans-serif;\">N\u00facleo da Madeira<\/span>\r\n<span style=\"font-family: arial, helvetica, sans-serif;\">N\u00facleo do Porto<\/span>\r\n<span style=\"font-family: arial, helvetica, sans-serif;\">N\u00facleo de Viana do Castelo<\/span>\r\n<span style=\"font-family: arial, helvetica, sans-serif;\">N\u00facleo de Vila Real<\/span>\r\n<span style=\"font-family: arial, helvetica, sans-serif;\">N\u00facleo de Viseu<\/span><\/pre>\n<p>&nbsp;<\/p>\n","protected":false},"excerpt":{"rendered":"<p>Os N\u00facleos Regionais s\u00e3o estruturas da APM que t\u00eam como objetivos divulgar a APM na regi\u00e3o em que se inserem, dinamizar realiza\u00e7\u00f5es locais e promover a comunica\u00e7\u00e3o entre os s\u00f3cios. No geral procuram liga\u00e7\u00e3o aos professores da sua regi\u00e3o atrav\u00e9s dos boletins informativos, do empr\u00e9stimo de materiais ou da realiza\u00e7\u00e3o de encontros regionais. S\u00e3o criados [&hellip;]<\/p>\n","protected":false},"author":1,"featured_media":0,"parent":0,"menu_order":0,"comment_status":"closed","ping_status":"closed","template":"fullwidth.php","meta":{"_monsterinsights_skip_tracking":false,"_monsterinsights_sitenote_active":false,"_monsterinsights_sitenote_note":"","_monsterinsights_sitenote_category":0,"jetpack_post_was_ever_published":false,"footnotes":""},"class_list":["post-129","page","type-page","status-publish","hentry"],"jetpack_sharing_enabled":true,"jetpack_shortlink":"https:\/\/wp.me\/P8Nl6b-25","jetpack-related-posts":[],"_links":{"self":[{"href":"https:\/\/wordpress.apm.pt\/index.php?rest_route=\/wp\/v2\/pages\/129","targetHints":{"allow":["GET"]}}],"collection":[{"href":"https:\/\/wordpress.apm.pt\/index.php?rest_route=\/wp\/v2\/pages"}],"about":[{"href":"https:\/\/wordpress.apm.pt\/index.php?rest_route=\/wp\/v2\/types\/page"}],"author":[{"embeddable":true,"href":"https:\/\/wordpress.apm.pt\/index.php?rest_route=\/wp\/v2\/users\/1"}],"replies":[{"embeddable":true,"href":"https:\/\/wordpress.apm.pt\/index.php?rest_route=%2Fwp%2Fv2%2Fcomments&post=129"}],"version-history":[{"count":9,"href":"https:\/\/wordpress.apm.pt\/index.php?rest_route=\/wp\/v2\/pages\/129\/revisions"}],"predecessor-version":[{"id":936,"href":"https:\/\/wordpress.apm.pt\/index.php?rest_route=\/wp\/v2\/pages\/129\/revisions\/936"}],"wp:attachment":[{"href":"https:\/\/wordpress.apm.pt\/index.php?rest_route=%2Fwp%2Fv2%2Fmedia&parent=129"}],"curies":[{"name":"wp","href":"https:\/\/api.w.org\/{rel}","templated":true}]}}