{"id":241,"date":"2017-07-22T21:24:44","date_gmt":"2017-07-22T21:24:44","guid":{"rendered":"https:\/\/wordpress.apm.pt\/?page_id=241"},"modified":"2020-03-06T10:21:14","modified_gmt":"2020-03-06T10:21:14","slug":"exposicoes-2016-2017","status":"publish","type":"page","link":"https:\/\/wordpress.apm.pt\/?page_id=241","title":{"rendered":"Exposi\u00e7\u00f5es 2020"},"content":{"rendered":"<p align=\"justify\">A APM tem <strong>11<\/strong> <strong>E<\/strong><strong>xposi\u00e7\u00f5es<\/strong> interativas\/itinerantes que cede \u00e0s escolas, mediante o pagamento correspondente. Essa ced\u00eancia \u00e9 feita por um per\u00edodo de tr\u00eas semanas, podendo ser alargado com pagamento de taxa adicional.&nbsp; As escolas ou institui\u00e7\u00f5es interessadas dever\u00e3o enviar o seu pedido por e-mail.<\/p>\n<p align=\"justify\">Para conhecer as exposi\u00e7\u00f5es, s\u00e3o disponibilizadas neste espa\u00e7o descri\u00e7\u00f5es e imagens dos v\u00e1rios m\u00f3dulos, o que permite planear o seu aproveitamento did\u00e1tico.<\/p>\n<p align=\"justify\"><strong><em>Para solicitar uma Exposi\u00e7\u00e3o ou pedir informa\u00e7\u00f5es, dever\u00e3o entrar em contacto com o Centro de Recursos da APM atrav\u00e9s do e-mail,<\/em> <em>crecursos@apm.pt<\/em> (Ana Pereira) ou 21 716 36 90.<br \/>\n<\/strong><\/p>\n<p align=\"justify\">Consulte :<\/p>\n<p align=\"justify\">&#8211; aqui as <a href=\"https:\/\/wordpress.apm.pt\/wp-content\/uploads\/2018\/01\/Condicoes_de_Requisicao_Exp.pdf\">condi\u00e7\u00f5es de requisi\u00e7\u00e3o<\/a><\/p>\n<p align=\"justify\">&#8211; os <a href=\"https:\/\/wordpress.apm.pt\/wp-content\/uploads\/2018\/01\/Exposic\u0327o\u0303es_prec\u0327os_2018.pdf\" target=\"_blank\" rel=\"noopener noreferrer\">pre\u00e7os de requisi\u00e7\u00e3o<\/a> de cada uma das exposi\u00e7\u00f5es<\/p>\n<table width=\"100%\" cellspacing=\"0\" cellpadding=\"4\" border=\"0px\">\n<tbody>\n<tr>\n<td style=\"width: 171.8px;\" valign=\"top\" align=\"center\"><img loading=\"lazy\" decoding=\"async\" data-attachment-id=\"394\" data-permalink=\"https:\/\/wordpress.apm.pt\/?attachment_id=394\" data-orig-file=\"https:\/\/wordpress.apm.pt\/wp-content\/uploads\/2017\/07\/sebastiao_55b266b0cd2e0.jpg\" data-orig-size=\"430,430\" data-comments-opened=\"1\" data-image-meta=\"{&quot;aperture&quot;:&quot;0&quot;,&quot;credit&quot;:&quot;&quot;,&quot;camera&quot;:&quot;&quot;,&quot;caption&quot;:&quot;&quot;,&quot;created_timestamp&quot;:&quot;0&quot;,&quot;copyright&quot;:&quot;&quot;,&quot;focal_length&quot;:&quot;0&quot;,&quot;iso&quot;:&quot;0&quot;,&quot;shutter_speed&quot;:&quot;0&quot;,&quot;title&quot;:&quot;&quot;,&quot;orientation&quot;:&quot;1&quot;}\" data-image-title=\"\" data-image-description=\"\" data-image-caption=\"\" data-large-file=\"https:\/\/wordpress.apm.pt\/wp-content\/uploads\/2017\/07\/sebastiao_55b266b0cd2e0.jpg\" class=\"alignnone wp-image-394 size-thumbnail\" src=\"https:\/\/wordpress.apm.pt\/wp-content\/uploads\/2017\/07\/sebastiao_55b266b0cd2e0-150x150.jpg\" alt=\"\" width=\"150\" height=\"150\" srcset=\"https:\/\/wordpress.apm.pt\/wp-content\/uploads\/2017\/07\/sebastiao_55b266b0cd2e0.jpg 150w, https:\/\/wordpress.apm.pt\/wp-content\/uploads\/2017\/07\/sebastiao_55b266b0cd2e0.jpg 300w, https:\/\/wordpress.apm.pt\/wp-content\/uploads\/2017\/07\/sebastiao_55b266b0cd2e0.jpg 430w\" sizes=\"auto, (max-width: 150px) 100vw, 150px\" \/><br \/>\nJOS\u00c9 SEBASTI\u00c3O E SILVA [1914-1972] Obra Pedag\u00f3gica (professores e alunos do ensino secund\u00e1rio)<\/td>\n<td style=\"width: 171.8px;\" valign=\"top\" align=\"center\"><img loading=\"lazy\" decoding=\"async\" data-attachment-id=\"392\" data-permalink=\"https:\/\/wordpress.apm.pt\/?attachment_id=392\" data-orig-file=\"https:\/\/wordpress.apm.pt\/wp-content\/uploads\/2017\/07\/matenatureza_522de11968a4b.jpg\" data-orig-size=\"200,260\" data-comments-opened=\"1\" data-image-meta=\"{&quot;aperture&quot;:&quot;0&quot;,&quot;credit&quot;:&quot;&quot;,&quot;camera&quot;:&quot;&quot;,&quot;caption&quot;:&quot;&quot;,&quot;created_timestamp&quot;:&quot;0&quot;,&quot;copyright&quot;:&quot;&quot;,&quot;focal_length&quot;:&quot;0&quot;,&quot;iso&quot;:&quot;0&quot;,&quot;shutter_speed&quot;:&quot;0&quot;,&quot;title&quot;:&quot;&quot;,&quot;orientation&quot;:&quot;0&quot;}\" data-image-title=\"\" data-image-description=\"\" data-image-caption=\"\" data-large-file=\"https:\/\/wordpress.apm.pt\/wp-content\/uploads\/2017\/07\/matenatureza_522de11968a4b.jpg\" class=\"alignnone wp-image-392 size-thumbnail\" src=\"https:\/\/wordpress.apm.pt\/wp-content\/uploads\/2017\/07\/matenatureza_522de11968a4b-150x150.jpg\" alt=\"\" width=\"150\" height=\"150\"><br \/>\nMATEM\u00c1TICA E NATUREZA (todos os n\u00edveis de ensino)<\/td>\n<td style=\"width: 171.8px;\" valign=\"top\" align=\"center\"><img loading=\"lazy\" decoding=\"async\" data-attachment-id=\"387\" data-permalink=\"https:\/\/wordpress.apm.pt\/?attachment_id=387\" data-orig-file=\"https:\/\/wordpress.apm.pt\/wp-content\/uploads\/2017\/07\/escher_5368bf53e46d6.jpg\" data-orig-size=\"1920,2560\" data-comments-opened=\"1\" data-image-meta=\"{&quot;aperture&quot;:&quot;2.6&quot;,&quot;credit&quot;:&quot;&quot;,&quot;camera&quot;:&quot;GT-I9000&quot;,&quot;caption&quot;:&quot;SAMSUNG&quot;,&quot;created_timestamp&quot;:&quot;1397126881&quot;,&quot;copyright&quot;:&quot;&quot;,&quot;focal_length&quot;:&quot;3.79&quot;,&quot;iso&quot;:&quot;50&quot;,&quot;shutter_speed&quot;:&quot;0.03125&quot;,&quot;title&quot;:&quot;SAMSUNG&quot;,&quot;orientation&quot;:&quot;1&quot;}\" data-image-title=\"\" data-image-description=\"\" data-image-caption=\"\" data-large-file=\"https:\/\/wordpress.apm.pt\/wp-content\/uploads\/2017\/07\/escher_5368bf53e46d6.jpg\" class=\"alignnone wp-image-387 size-thumbnail\" src=\"https:\/\/wordpress.apm.pt\/wp-content\/uploads\/2017\/07\/escher_5368bf53e46d6-150x150.jpg\" alt=\"\" width=\"150\" height=\"150\" srcset=\"https:\/\/wordpress.apm.pt\/wp-content\/uploads\/2017\/07\/escher_5368bf53e46d6.jpg 150w, https:\/\/wordpress.apm.pt\/wp-content\/uploads\/2017\/07\/escher_5368bf53e46d6.jpg 300w, https:\/\/wordpress.apm.pt\/wp-content\/uploads\/2017\/07\/escher_5368bf53e46d6.jpg 450w\" sizes=\"auto, (max-width: 150px) 100vw, 150px\" \/><\/p>\n<p>ESCHER ARTE E MATEM\u00c1TICA (3\u00ba ciclo e secund\u00e1rio)<\/td>\n<td style=\"width: 171.8px;\" valign=\"top\" align=\"center\"><img loading=\"lazy\" decoding=\"async\" data-attachment-id=\"389\" data-permalink=\"https:\/\/wordpress.apm.pt\/?attachment_id=389\" data-orig-file=\"https:\/\/wordpress.apm.pt\/wp-content\/uploads\/2017\/07\/foto_2_50f6998a2a8ec.jpg\" data-orig-size=\"150,200\" data-comments-opened=\"1\" data-image-meta=\"{&quot;aperture&quot;:&quot;3.5&quot;,&quot;credit&quot;:&quot;&quot;,&quot;camera&quot;:&quot;FE330,X845,C550&quot;,&quot;caption&quot;:&quot;OLYMPUS DIGITAL CAMERA&quot;,&quot;created_timestamp&quot;:&quot;1355745692&quot;,&quot;copyright&quot;:&quot;&quot;,&quot;focal_length&quot;:&quot;6.3&quot;,&quot;iso&quot;:&quot;125&quot;,&quot;shutter_speed&quot;:&quot;0.033333333333333&quot;,&quot;title&quot;:&quot;OLYMPUS DIGITAL CAMERA&quot;,&quot;orientation&quot;:&quot;1&quot;}\" data-image-title=\"\" data-image-description=\"\" data-image-caption=\"\" data-large-file=\"https:\/\/wordpress.apm.pt\/wp-content\/uploads\/2017\/07\/foto_2_50f6998a2a8ec.jpg\" class=\"alignnone wp-image-389 size-thumbnail\" src=\"https:\/\/wordpress.apm.pt\/wp-content\/uploads\/2017\/07\/foto_2_50f6998a2a8ec-150x150.jpg\" alt=\"\" width=\"150\" height=\"150\"><\/p>\n<p>AVENTURA MATEM\u00c1TICA (do pr\u00e9-escolar ao secund\u00e1rio)<\/td>\n<td style=\"width: 171.8px;\" valign=\"top\" align=\"center\"><img loading=\"lazy\" decoding=\"async\" data-attachment-id=\"386\" data-permalink=\"https:\/\/wordpress.apm.pt\/?attachment_id=386\" data-orig-file=\"https:\/\/wordpress.apm.pt\/wp-content\/uploads\/2017\/07\/Capa2_437dc59f1b8a8.jpg\" data-orig-size=\"200,260\" data-comments-opened=\"1\" data-image-meta=\"{&quot;aperture&quot;:&quot;0&quot;,&quot;credit&quot;:&quot;&quot;,&quot;camera&quot;:&quot;&quot;,&quot;caption&quot;:&quot;&quot;,&quot;created_timestamp&quot;:&quot;0&quot;,&quot;copyright&quot;:&quot;&quot;,&quot;focal_length&quot;:&quot;0&quot;,&quot;iso&quot;:&quot;0&quot;,&quot;shutter_speed&quot;:&quot;0&quot;,&quot;title&quot;:&quot;&quot;,&quot;orientation&quot;:&quot;0&quot;}\" data-image-title=\"\" data-image-description=\"\" data-image-caption=\"\" data-large-file=\"https:\/\/wordpress.apm.pt\/wp-content\/uploads\/2017\/07\/Capa2_437dc59f1b8a8.jpg\" class=\"alignnone wp-image-386 size-thumbnail\" src=\"https:\/\/wordpress.apm.pt\/wp-content\/uploads\/2017\/07\/Capa2_437dc59f1b8a8-150x150.jpg\" alt=\"\" width=\"150\" height=\"150\"><br \/>\nJOGOS DO MUNDO (Todos os n\u00edveis de ensino)<\/td>\n<\/tr>\n<tr>\n<td style=\"width: 171.8px;\" valign=\"top\" align=\"center\"><img loading=\"lazy\" decoding=\"async\" data-attachment-id=\"390\" data-permalink=\"https:\/\/wordpress.apm.pt\/?attachment_id=390\" data-orig-file=\"https:\/\/wordpress.apm.pt\/wp-content\/uploads\/2017\/07\/Inicial_4_462defb0123cf.bmp\" data-orig-size=\"166,215\" data-comments-opened=\"1\" data-image-meta=\"{&quot;aperture&quot;:&quot;0&quot;,&quot;credit&quot;:&quot;&quot;,&quot;camera&quot;:&quot;&quot;,&quot;caption&quot;:&quot;&quot;,&quot;created_timestamp&quot;:&quot;0&quot;,&quot;copyright&quot;:&quot;&quot;,&quot;focal_length&quot;:&quot;0&quot;,&quot;iso&quot;:&quot;0&quot;,&quot;shutter_speed&quot;:&quot;0&quot;,&quot;title&quot;:&quot;&quot;,&quot;orientation&quot;:&quot;0&quot;}\" data-image-title=\"\" data-image-description=\"\" data-image-caption=\"\" data-large-file=\"https:\/\/wordpress.apm.pt\/wp-content\/uploads\/2017\/07\/Inicial_4_462defb0123cf.bmp\" class=\"alignnone size-full wp-image-390\" src=\"https:\/\/wordpress.apm.pt\/wp-content\/uploads\/2017\/07\/Inicial_4_462defb0123cf.bmp\" alt=\"\" width=\"166\" height=\"215\"><br \/>\n\u00c0 MEDIDA DO TEMPO (3\u00ba ciclo e secund\u00e1rio)<\/td>\n<td style=\"width: 171.8px;\" valign=\"top\" align=\"center\"><img loading=\"lazy\" decoding=\"async\" data-attachment-id=\"393\" data-permalink=\"https:\/\/wordpress.apm.pt\/?attachment_id=393\" data-orig-file=\"https:\/\/wordpress.apm.pt\/wp-content\/uploads\/2017\/07\/Polya_55b2692d1b313.jpeg\" data-orig-size=\"297,326\" data-comments-opened=\"1\" data-image-meta=\"{&quot;aperture&quot;:&quot;0&quot;,&quot;credit&quot;:&quot;&quot;,&quot;camera&quot;:&quot;&quot;,&quot;caption&quot;:&quot;&quot;,&quot;created_timestamp&quot;:&quot;0&quot;,&quot;copyright&quot;:&quot;&quot;,&quot;focal_length&quot;:&quot;0&quot;,&quot;iso&quot;:&quot;0&quot;,&quot;shutter_speed&quot;:&quot;0&quot;,&quot;title&quot;:&quot;&quot;,&quot;orientation&quot;:&quot;0&quot;}\" data-image-title=\"\" data-image-description=\"\" data-image-caption=\"\" data-large-file=\"https:\/\/wordpress.apm.pt\/wp-content\/uploads\/2017\/07\/Polya_55b2692d1b313.jpeg\" class=\"alignnone size-medium wp-image-393\" src=\"https:\/\/wordpress.apm.pt\/wp-content\/uploads\/2017\/07\/Polya_55b2692d1b313-273x300.jpeg\" alt=\"\" width=\"273\" height=\"300\" srcset=\"https:\/\/wordpress.apm.pt\/wp-content\/uploads\/2017\/07\/Polya_55b2692d1b313.jpeg 273w, https:\/\/wordpress.apm.pt\/wp-content\/uploads\/2017\/07\/Polya_55b2692d1b313.jpeg 297w\" sizes=\"auto, (max-width: 273px) 100vw, 273px\" \/><br \/>\nGEORGE POLYA (2\u00ba, 3\u00ba ciclo e secund\u00e1rio)<\/td>\n<td style=\"width: 171.8px;\" valign=\"top\" align=\"center\"><img loading=\"lazy\" decoding=\"async\" data-attachment-id=\"391\" data-permalink=\"https:\/\/wordpress.apm.pt\/?attachment_id=391\" data-orig-file=\"https:\/\/wordpress.apm.pt\/wp-content\/uploads\/2017\/07\/LTMentrada_4635b819337ef.jpg\" data-orig-size=\"200,260\" data-comments-opened=\"1\" data-image-meta=\"{&quot;aperture&quot;:&quot;0&quot;,&quot;credit&quot;:&quot;&quot;,&quot;camera&quot;:&quot;&quot;,&quot;caption&quot;:&quot;&quot;,&quot;created_timestamp&quot;:&quot;0&quot;,&quot;copyright&quot;:&quot;&quot;,&quot;focal_length&quot;:&quot;0&quot;,&quot;iso&quot;:&quot;0&quot;,&quot;shutter_speed&quot;:&quot;0&quot;,&quot;title&quot;:&quot;00&quot;,&quot;orientation&quot;:&quot;1&quot;}\" data-image-title=\"\" data-image-description=\"\" data-image-caption=\"\" data-large-file=\"https:\/\/wordpress.apm.pt\/wp-content\/uploads\/2017\/07\/LTMentrada_4635b819337ef.jpg\" class=\"alignnone size-full wp-image-391\" src=\"https:\/\/wordpress.apm.pt\/wp-content\/uploads\/2017\/07\/LTMentrada_4635b819337ef.jpg\" alt=\"\" width=\"200\" height=\"260\"><br \/>\nLIVROS DE TEXTO DE MATEM\u00c1TICA (Professores)<\/td>\n<td style=\"width: 171.8px;\" valign=\"top\" align=\"center\"><img loading=\"lazy\" decoding=\"async\" data-attachment-id=\"396\" data-permalink=\"https:\/\/wordpress.apm.pt\/?attachment_id=396\" data-orig-file=\"https:\/\/wordpress.apm.pt\/wp-content\/uploads\/2017\/07\/todos_55b26a9f5b158.jpg\" data-orig-size=\"448,336\" data-comments-opened=\"1\" data-image-meta=\"{&quot;aperture&quot;:&quot;2.8&quot;,&quot;credit&quot;:&quot;&quot;,&quot;camera&quot;:&quot;E3100&quot;,&quot;caption&quot;:&quot;&quot;,&quot;created_timestamp&quot;:&quot;1096376080&quot;,&quot;copyright&quot;:&quot;&quot;,&quot;focal_length&quot;:&quot;5.8&quot;,&quot;iso&quot;:&quot;100&quot;,&quot;shutter_speed&quot;:&quot;0.016638935108153&quot;,&quot;title&quot;:&quot;&quot;,&quot;orientation&quot;:&quot;0&quot;}\" data-image-title=\"\" data-image-description=\"\" data-image-caption=\"\" data-large-file=\"https:\/\/wordpress.apm.pt\/wp-content\/uploads\/2017\/07\/todos_55b26a9f5b158.jpg\" class=\"alignnone size-medium wp-image-396\" src=\"https:\/\/wordpress.apm.pt\/wp-content\/uploads\/2017\/07\/todos_55b26a9f5b158-300x225.jpg\" alt=\"\" width=\"300\" height=\"225\" srcset=\"https:\/\/wordpress.apm.pt\/wp-content\/uploads\/2017\/07\/todos_55b26a9f5b158.jpg 300w, https:\/\/wordpress.apm.pt\/wp-content\/uploads\/2017\/07\/todos_55b26a9f5b158.jpg 448w\" sizes=\"auto, (max-width: 300px) 100vw, 300px\" \/><br \/>\nA MATEM\u00c1TICA \u00c9 DE TODOS (1\u00ba ciclo)<\/td>\n<td style=\"width: 171.8px;\" valign=\"top\" align=\"center\"><img loading=\"lazy\" decoding=\"async\" data-attachment-id=\"395\" data-permalink=\"https:\/\/wordpress.apm.pt\/?attachment_id=395\" data-orig-file=\"https:\/\/wordpress.apm.pt\/wp-content\/uploads\/2017\/07\/shp_55b26afca324f.jpg\" data-orig-size=\"640,482\" data-comments-opened=\"1\" data-image-meta=\"{&quot;aperture&quot;:&quot;3.5&quot;,&quot;credit&quot;:&quot;&quot;,&quot;camera&quot;:&quot;HP PhotoSmart R727  (V01.00)d&quot;,&quot;caption&quot;:&quot;&quot;,&quot;created_timestamp&quot;:&quot;1167847635&quot;,&quot;copyright&quot;:&quot;&quot;,&quot;focal_length&quot;:&quot;6.5&quot;,&quot;iso&quot;:&quot;100&quot;,&quot;shutter_speed&quot;:&quot;0.01666&quot;,&quot;title&quot;:&quot;&quot;,&quot;orientation&quot;:&quot;1&quot;}\" data-image-title=\"\" data-image-description=\"\" data-image-caption=\"\" data-large-file=\"https:\/\/wordpress.apm.pt\/wp-content\/uploads\/2017\/07\/shp_55b26afca324f.jpg\" class=\"alignnone size-medium wp-image-395\" src=\"https:\/\/wordpress.apm.pt\/wp-content\/uploads\/2017\/07\/shp_55b26afca324f-300x226.jpg\" alt=\"\" width=\"300\" height=\"226\" srcset=\"https:\/\/wordpress.apm.pt\/wp-content\/uploads\/2017\/07\/shp_55b26afca324f.jpg 300w, https:\/\/wordpress.apm.pt\/wp-content\/uploads\/2017\/07\/shp_55b26afca324f.jpg 640w\" sizes=\"auto, (max-width: 300px) 100vw, 300px\" \/><br \/>\nSEMPRE HOUVE PROBLEMAS (3\u00ba ciclo e secund\u00e1rio)<\/td>\n<\/tr>\n<tr>\n<td style=\"width: 171.8px;\" valign=\"top\" align=\"center\"><img loading=\"lazy\" decoding=\"async\" data-attachment-id=\"388\" data-permalink=\"https:\/\/wordpress.apm.pt\/?attachment_id=388\" data-orig-file=\"https:\/\/wordpress.apm.pt\/wp-content\/uploads\/2017\/07\/festa_da_agua_55b2661c91b4b.jpg\" data-orig-size=\"960,720\" data-comments-opened=\"1\" data-image-meta=\"{&quot;aperture&quot;:&quot;0&quot;,&quot;credit&quot;:&quot;&quot;,&quot;camera&quot;:&quot;&quot;,&quot;caption&quot;:&quot;&quot;,&quot;created_timestamp&quot;:&quot;0&quot;,&quot;copyright&quot;:&quot;&quot;,&quot;focal_length&quot;:&quot;0&quot;,&quot;iso&quot;:&quot;0&quot;,&quot;shutter_speed&quot;:&quot;0&quot;,&quot;title&quot;:&quot;&quot;,&quot;orientation&quot;:&quot;0&quot;}\" data-image-title=\"\" data-image-description=\"\" data-image-caption=\"\" data-large-file=\"https:\/\/wordpress.apm.pt\/wp-content\/uploads\/2017\/07\/festa_da_agua_55b2661c91b4b.jpg\" class=\"alignnone size-medium wp-image-388\" src=\"https:\/\/wordpress.apm.pt\/wp-content\/uploads\/2017\/07\/festa_da_agua_55b2661c91b4b-300x225.jpg\" alt=\"\" width=\"300\" height=\"225\" srcset=\"https:\/\/wordpress.apm.pt\/wp-content\/uploads\/2017\/07\/festa_da_agua_55b2661c91b4b.jpg 300w, https:\/\/wordpress.apm.pt\/wp-content\/uploads\/2017\/07\/festa_da_agua_55b2661c91b4b.jpg 768w, https:\/\/wordpress.apm.pt\/wp-content\/uploads\/2017\/07\/festa_da_agua_55b2661c91b4b.jpg 960w\" sizes=\"auto, (max-width: 300px) 100vw, 300px\" \/><br \/>\nA FESTA DA \u00c1GUA (4\u00ba, 5\u00ba, 6\u00ba e 7\u00ba anos)<\/td>\n<\/tr>\n<\/tbody>\n<\/table>\n","protected":false},"excerpt":{"rendered":"<p>A APM tem 11 Exposi\u00e7\u00f5es interativas\/itinerantes que cede \u00e0s escolas, mediante o pagamento correspondente. Essa ced\u00eancia \u00e9 feita por um per\u00edodo de tr\u00eas semanas, podendo ser alargado com pagamento de taxa adicional.&nbsp; As escolas ou institui\u00e7\u00f5es interessadas dever\u00e3o enviar o seu pedido por e-mail. Para conhecer as exposi\u00e7\u00f5es, s\u00e3o disponibilizadas neste espa\u00e7o descri\u00e7\u00f5es e imagens [&hellip;]<\/p>\n","protected":false},"author":1,"featured_media":0,"parent":0,"menu_order":0,"comment_status":"closed","ping_status":"closed","template":"fullwidth.php","meta":{"_monsterinsights_skip_tracking":false,"_monsterinsights_sitenote_active":false,"_monsterinsights_sitenote_note":"","_monsterinsights_sitenote_category":0,"jetpack_post_was_ever_published":false,"footnotes":""},"class_list":["post-241","page","type-page","status-publish","hentry"],"jetpack_sharing_enabled":true,"jetpack_shortlink":"https:\/\/wp.me\/P8Nl6b-3T","jetpack-related-posts":[],"_links":{"self":[{"href":"https:\/\/wordpress.apm.pt\/index.php?rest_route=\/wp\/v2\/pages\/241","targetHints":{"allow":["GET"]}}],"collection":[{"href":"https:\/\/wordpress.apm.pt\/index.php?rest_route=\/wp\/v2\/pages"}],"about":[{"href":"https:\/\/wordpress.apm.pt\/index.php?rest_route=\/wp\/v2\/types\/page"}],"author":[{"embeddable":true,"href":"https:\/\/wordpress.apm.pt\/index.php?rest_route=\/wp\/v2\/users\/1"}],"replies":[{"embeddable":true,"href":"https:\/\/wordpress.apm.pt\/index.php?rest_route=%2Fwp%2Fv2%2Fcomments&post=241"}],"version-history":[{"count":7,"href":"https:\/\/wordpress.apm.pt\/index.php?rest_route=\/wp\/v2\/pages\/241\/revisions"}],"predecessor-version":[{"id":2522,"href":"https:\/\/wordpress.apm.pt\/index.php?rest_route=\/wp\/v2\/pages\/241\/revisions\/2522"}],"wp:attachment":[{"href":"https:\/\/wordpress.apm.pt\/index.php?rest_route=%2Fwp%2Fv2%2Fmedia&parent=241"}],"curies":[{"name":"wp","href":"https:\/\/api.w.org\/{rel}","templated":true}]}}