{"id":257,"date":"2017-07-22T23:01:02","date_gmt":"2017-07-22T23:01:02","guid":{"rendered":"https:\/\/wordpress.apm.pt\/?page_id=257"},"modified":"2020-06-13T23:23:13","modified_gmt":"2020-06-13T22:23:13","slug":"siem-profmat-atas","status":"publish","type":"page","link":"https:\/\/wordpress.apm.pt\/?page_id=257","title":{"rendered":"SIEM &#8211; Atas"},"content":{"rendered":"<p>O SIEM \u00e9 um Semin\u00e1rio de Investiga\u00e7\u00e3o em Educa\u00e7\u00e3o Matem\u00e1tica \u00e9 uma organiza\u00e7\u00e3o anual do Grupo de Trabalho de Investiga\u00e7\u00e3o da Associa\u00e7\u00e3o de Professores de Matem\u00e1tica.<\/p>\n<p>A tradi\u00e7\u00e3o de aliar a investiga\u00e7\u00e3o \u00e0 pr\u00e1tica \u00e9 longa e rica. Por isso, para al\u00e9m de criar um espa\u00e7o de express\u00e3o da comunidade de investiga\u00e7\u00e3o no campo da Educa\u00e7\u00e3o Matem\u00e1tica, para divulga\u00e7\u00e3o, comunica\u00e7\u00e3o, confronto e discuss\u00e3o de ideias e trabalhos realizados, este Semin\u00e1rio tem vindo a promover a articula\u00e7\u00e3o entre a investiga\u00e7\u00e3o nesta \u00e1rea e o ensino da Matem\u00e1tica.<\/p>\n<p>Cada Semin\u00e1rio tem um formato pr\u00f3prio. Ultimamente, tem oferecido confer\u00eancias plen\u00e1rias, uma delas a cargo de um convidado estrangeiro, simp\u00f3sios de comunica\u00e7\u00f5es e sess\u00f5es de posters.<\/p>\n<p>Recentemente introduziram-se altera\u00e7\u00f5es ao programa do SIEM, que passou a partilhar um dia de atividades com o ProfMat. Esta novidade no formato pretende estreitar liga\u00e7\u00f5es entre investigadores e professores, contribuindo ainda para difundir o conhecimento que emerge da investiga\u00e7\u00e3o realizada sobre diversas tem\u00e1ticas, e que \u00e9 reconhecidamente relevante para o ensino e a aprendizagem da matem\u00e1tica.<\/p>\n<p>A Comiss\u00e3o Coordenadora do GTI<\/p>\n<p>&nbsp;<\/p>\n\n\n<ul class=\"wp-block-list\"><li><a rel=\"noreferrer noopener\" href=\"https:\/\/wordpress.apm.pt\/wp-content\/uploads\/2020\/06\/ATAS_XXII_SIEM.pdf\" target=\"_blank\"><span class=\"has-inline-color has-vivid-cyan-blue-color\">XXII SIEM<\/span><\/a> &#8211; Lisboa &#8211; 7 e 8 Setembro 2011<\/li><li><a rel=\"noreferrer noopener\" href=\"https:\/\/wordpress.apm.pt\/wp-content\/uploads\/2020\/06\/ATAS_XXIII_SIEM.pdf\" target=\"_blank\"><span class=\"has-inline-color has-vivid-cyan-blue-color\">XXIII SIEM<\/span><\/a> &#8211; Coimbra &#8211; 6 e 7 Outubro 2012<\/li><li><a rel=\"noreferrer noopener\" href=\"https:\/\/wordpress.apm.pt\/wp-content\/uploads\/2020\/06\/ATAS_XXIV_SIEM.pdf\" target=\"_blank\"><span class=\"has-inline-color has-vivid-cyan-blue-color\">XXIV SIEM<\/span><\/a> &#8211; Braga, 16 e 17 Novembro 2013<\/li><li><a rel=\"noreferrer noopener\" href=\"https:\/\/wordpress.apm.pt\/wp-content\/uploads\/2020\/06\/ATAS_XXV_SIEM.pdf\" target=\"_blank\"><span class=\"has-inline-color has-vivid-cyan-blue-color\">XXV SIEM<\/span><\/a> &#8211; Braga &#8211; Abril 2014<\/li><li><a rel=\"noreferrer noopener\" href=\"https:\/\/wordpress.apm.pt\/wp-content\/uploads\/2020\/06\/ATAS_XXVI_SIEM.pdf\" target=\"_blank\"><span class=\"has-inline-color has-vivid-cyan-blue-color\">XXVI SIEM<\/span><\/a> &#8211; \u00c9vora &#8211; 28 e 29 Mar\u00e7o 2015<\/li><li><a rel=\"noreferrer noopener\" href=\"https:\/\/wordpress.apm.pt\/wp-content\/uploads\/2020\/06\/ATAS_XXX_SIEM.pdf\" target=\"_blank\"><span class=\"has-inline-color has-vivid-cyan-blue-color\">XXX SIEM<\/span><\/a> &#8211; Castelo Branco &#8211; 10 e 11 Julho 2019<\/li><\/ul>\n\n\n","protected":false},"excerpt":{"rendered":"<p>O SIEM \u00e9 um Semin\u00e1rio de Investiga\u00e7\u00e3o em Educa\u00e7\u00e3o Matem\u00e1tica \u00e9 uma organiza\u00e7\u00e3o anual do Grupo de Trabalho de Investiga\u00e7\u00e3o da Associa\u00e7\u00e3o de Professores de Matem\u00e1tica. A tradi\u00e7\u00e3o de aliar a investiga\u00e7\u00e3o \u00e0 pr\u00e1tica \u00e9 longa e rica. Por isso, para al\u00e9m de criar um espa\u00e7o de express\u00e3o da comunidade de investiga\u00e7\u00e3o no campo da [&hellip;]<\/p>\n","protected":false},"author":1,"featured_media":0,"parent":0,"menu_order":0,"comment_status":"closed","ping_status":"closed","template":"fullwidth.php","meta":{"_monsterinsights_skip_tracking":false,"_monsterinsights_sitenote_active":false,"_monsterinsights_sitenote_note":"","_monsterinsights_sitenote_category":0,"jetpack_post_was_ever_published":false,"footnotes":""},"class_list":["post-257","page","type-page","status-publish","hentry"],"jetpack_sharing_enabled":true,"jetpack_shortlink":"https:\/\/wp.me\/P8Nl6b-49","jetpack-related-posts":[],"_links":{"self":[{"href":"https:\/\/wordpress.apm.pt\/index.php?rest_route=\/wp\/v2\/pages\/257","targetHints":{"allow":["GET"]}}],"collection":[{"href":"https:\/\/wordpress.apm.pt\/index.php?rest_route=\/wp\/v2\/pages"}],"about":[{"href":"https:\/\/wordpress.apm.pt\/index.php?rest_route=\/wp\/v2\/types\/page"}],"author":[{"embeddable":true,"href":"https:\/\/wordpress.apm.pt\/index.php?rest_route=\/wp\/v2\/users\/1"}],"replies":[{"embeddable":true,"href":"https:\/\/wordpress.apm.pt\/index.php?rest_route=%2Fwp%2Fv2%2Fcomments&post=257"}],"version-history":[{"count":6,"href":"https:\/\/wordpress.apm.pt\/index.php?rest_route=\/wp\/v2\/pages\/257\/revisions"}],"predecessor-version":[{"id":2712,"href":"https:\/\/wordpress.apm.pt\/index.php?rest_route=\/wp\/v2\/pages\/257\/revisions\/2712"}],"wp:attachment":[{"href":"https:\/\/wordpress.apm.pt\/index.php?rest_route=%2Fwp%2Fv2%2Fmedia&parent=257"}],"curies":[{"name":"wp","href":"https:\/\/api.w.org\/{rel}","templated":true}]}}