{"id":3164,"date":"2020-10-27T09:35:10","date_gmt":"2020-10-27T09:35:10","guid":{"rendered":"https:\/\/wordpress.apm.pt\/?page_id=3164"},"modified":"2020-11-03T10:21:27","modified_gmt":"2020-11-03T10:21:27","slug":"grupo-casio-apm","status":"publish","type":"page","link":"https:\/\/wordpress.apm.pt\/?page_id=3164","title":{"rendered":"Grupo Casio+ &#8211; APM"},"content":{"rendered":"\n<p style=\"text-align: justify;\">O Grupo de Trabalho Casio+ da APM realiza um intenso trabalho na forma\u00e7\u00e3o de professores e na divulga\u00e7\u00e3o de atividades que tiram partido do uso da tecnologia (nomeadamente a tecnologia gr\u00e1fica Casio)<\/p>\n<h2><strong>A calculadora no ensino a dist\u00e2ncia<\/strong><\/h2>\n<div style=\"text-align: justify;\">Os dias tem\u00e1ticos s\u00e3o uma iniciativa do Grupo de trabalho Casio+ com o apoio da Casio Portugal.<\/div>\n<div style=\"text-align: justify;\"><br \/>Este ano estamos a refletir sobre o tema \u201cA calculadora no ensino a dist\u00e2ncia\u201d. Pretendemos proporcionar uma utiliza\u00e7\u00e3o da tecnologia Casio tanto a n\u00edvel b\u00e1sico como avan\u00e7ado na \u00e1rea da Matem\u00e1tica e das Ci\u00eancias F\u00edsico-Qu\u00edmicas.<\/div>\n<div>\u00a0<\/div>\n<div style=\"text-align: center;\"><strong>Ao contr\u00e1rio dos anos anteriores, em que os dias foram presenciais, este ano estamos a realiz\u00e1-los ONLINE, usando a plataforma ZOOM.<\/strong><\/div>\n<div>\u00a0<\/div>\n<div>Realiz\u00e1mos j\u00e1 o primeiro ciclo dos dias tem\u00e1ticos<\/div>\n<div>\n<h3><strong>Programa<\/strong><\/h3>\n<p><strong>1.\u00ba dia \u2014 s\u00e1bado dia 17 de outubro 2020<br \/><\/strong><strong>09h00 \u2013 11h00: <\/strong><strong>Debate<\/strong> \u201cComo usei a calculadora gr\u00e1fica no ensino a dist\u00e2ncia\u201d.<\/p>\n<p><strong><em>Convidados:<br \/><\/em><\/strong><strong>C\u00e1tia Ferreira<\/strong>, estagi\u00e1ria de matem\u00e1tica na Escola Secund\u00e1ria de Vila Verde;<br \/><strong>H\u00e9lder Martins<\/strong>, professor de matem\u00e1tica na Escola Secund\u00e1ria Ant\u00f3nio Dam\u00e1sio em Lisboa;<br \/><strong>Jos\u00e9 Jorge Teixeira<\/strong>, professor de F\u00edsica &#8211; Qu\u00edmica na Escola Secund\u00e1ria Dr. J\u00falio Dr. J\u00falio Martins em Chave.<\/p>\n<p><strong><em>Moderador:<br \/><\/em><\/strong><strong>Professor Doutor Jaime Carvalho e Silva<\/strong>, professor no Departamento de Matem\u00e1tica na Universidade de Coimbra.<\/p>\n<\/div>\n\n\n\n<div class=\"wp-block-buttons aligncenter is-layout-flex wp-block-buttons-is-layout-flex\">\n<div class=\"wp-block-button\"><a class=\"wp-block-button__link\" href=\"https:\/\/www.youtube.com\/watch?v=x65phWaUVsQ\" target=\"_blank\" rel=\"noreferrer noopener\"><span class=\"has-inline-color has-luminous-vivid-amber-color\">Ver debate<\/span><\/a><\/div>\n<\/div>\n\n\n\n<div>\n<p><strong>11h00 \u2013 11h15:<\/strong> Pausa.<br \/><strong>11h15 \u2013 12h15:<\/strong> <strong>Confer\u00eancia<\/strong> \u201cPrograma\u00e7\u00e3o com a calculadora gr\u00e1fica: Python\u201d, por <strong>Manuel Marques<\/strong><\/p>\n<\/div>\n\n\n\n<div class=\"wp-block-buttons aligncenter is-layout-flex wp-block-buttons-is-layout-flex\">\n<div class=\"wp-block-button\"><a class=\"wp-block-button__link\" href=\"https:\/\/www.youtube.com\/watch?v=64mJRB4rq0E&amp;t=1s\" target=\"_blank\" rel=\"noreferrer noopener\"><span class=\"has-inline-color has-pale-cyan-blue-color\">Ver confer\u00eancia<\/span><\/a><\/div>\n<\/div>\n\n\n\n<div>\n<p><strong>2.\u00ba dia \u2014 quarta\u2013feira dia 21 de outubro 2020<br \/><\/strong><strong>18h00 \u2013 20h00: Sess\u00f5es Pr\u00e1ticas<\/strong><\/p>\n<p>Pode aceder a v\u00eddeos das Sess\u00f5es Pr\u00e1ticas nas liga\u00e7\u00f5es respetivas; as SP 2, 3 e 5 t\u00eam duas liga\u00e7\u00f5es<\/p>\n<p><strong><a href=\"https:\/\/wordpress.apm.pt\/wp-content\/uploads\/2020\/10\/SP1_Ana_Paula_Jardim.mp4\" target=\"_blank\" rel=\"noopener noreferrer\"><span style=\"color: #33cccc;\"><span style=\"text-decoration: underline;\">Sess\u00e3o pr\u00e1tica 1<\/span><\/span><\/a><span style=\"color: #33cccc;\">:<\/span><\/strong><span style=\"color: #33cccc;\">\u00a0Inicia\u00e7\u00e3o \u00e0 calculadora gr\u00e1fica<\/span><br \/><strong><em>Formador:<\/em><\/strong>\u00a0Ana Paula Jardim, Esc. Sec. Francisco Franco (Funchal).<\/p>\n<p><span style=\"color: #ff6600;\"><strong><span style=\"color: #ff6600;\"><a style=\"color: #ff6600;\" href=\"https:\/\/wordpress.apm.pt\/wp-content\/uploads\/2020\/10\/SP2_Elisabete_Martins.mp4\" target=\"_blank\" rel=\"noopener noreferrer\"><span style=\"text-decoration: underline;\">Sess\u00e3o<\/span><\/a> <a style=\"color: #ff6600;\" href=\"https:\/\/wordpress.apm.pt\/wp-content\/uploads\/2020\/10\/SP2_Isabel_Leite.mp4\" target=\"_blank\" rel=\"noopener noreferrer\"><span style=\"text-decoration: underline;\">pr\u00e1tica<\/span><\/a> 2<\/span><\/strong>: \u201cAprender + da calculadora gr\u00e1fica\u201d<\/span>\u00a0\u00a0\u00a0 <br \/><strong><em>Formadoras<\/em><\/strong>: Isabel Leite,\u00a0 Esc. Sec. Vila Verde e Elisabete\u00a0 Martins, Esc. Sec. Rocha Peixoto\u00a0(P\u00f3voa do Varzim).<\/p>\n<p><span style=\"color: #008000;\"><strong><a href=\"https:\/\/wordpress.apm.pt\/wp-content\/uploads\/2020\/10\/SP3_Jaime_Carvalho_Silva_1.mov\" target=\"_blank\" rel=\"noopener noreferrer\"><span style=\"color: #339966;\"><span style=\"text-decoration: underline;\">Sess\u00e3o<\/span><\/span><\/a><span style=\"color: #339966;\"> <a style=\"color: #339966;\" href=\"https:\/\/wordpress.apm.pt\/wp-content\/uploads\/2020\/10\/SP3_Jaime_Carvalho_Silva_2.mov\" target=\"_blank\" rel=\"noopener noreferrer\"><span style=\"text-decoration: underline;\">pr\u00e1tica<\/span> 3<\/a><\/span><\/strong><span style=\"color: #339966;\">:\u00a0<\/span>Estudo da matem\u00e1tica com a calculadora cient\u00edfica<\/span><br \/><strong><em>Formador<\/em><\/strong>: Jaime Carvalho e Silva, Universidade de Coimbra, Faculdade de Ci\u00eancias.<\/p>\n<p><span style=\"color: #ff00ff;\"><a style=\"color: #ff00ff;\" href=\"https:\/\/wordpress.apm.pt\/wp-content\/uploads\/2020\/10\/SP4_Margarida_Dias.mp4\" target=\"_blank\" rel=\"noopener noreferrer\"><strong><span style=\"text-decoration: underline;\">Sess\u00e3o pr\u00e1tica 4<\/span><\/strong><\/a><span style=\"text-decoration: underline;\">:<\/span> Estudo da F\u00edsica e Qu\u00edmica com a calculadora<\/span><br \/><strong><em>Formador<\/em><\/strong>: Ana Margarida Dias, <em>Casio School Coordinator<\/em>.<\/p>\n<p><strong><a href=\"https:\/\/wordpress.apm.pt\/wp-content\/uploads\/2020\/10\/SP5_Joaquim_Rosa.mp4\" target=\"_blank\" rel=\"noopener noreferrer\"><span style=\"color: #3366ff;\"><span style=\"text-decoration: underline;\">Sess\u00e3o<\/span><\/span><\/a><span style=\"color: #3366ff;\"> <a style=\"color: #3366ff;\" href=\"https:\/\/wordpress.apm.pt\/wp-content\/uploads\/2020\/10\/SP5_Manuela_Labrusco.mp4\" target=\"_blank\" rel=\"noopener noreferrer\"><span style=\"text-decoration: underline;\">pr\u00e1tica<\/span> 5<\/a><\/span><\/strong><span style=\"color: #3366ff;\">: Estudo da Geometria com a calculadora gr\u00e1fica<\/span><br \/><strong><em>Formador<\/em><\/strong>: Manuela Labrusco, Esc. Sec. Conde de Monsaraz (Reguengos de Monsaraz)<\/p>\n<p><span style=\"color: #ff6600;\"><a style=\"color: #ff6600;\" href=\"https:\/\/wordpress.apm.pt\/wp-content\/uploads\/2020\/10\/SP6_Dolcinia_Almeida.mp4\" target=\"_blank\" rel=\"noopener noreferrer\"><strong><span style=\"text-decoration: underline;\">Sess\u00e3o pr\u00e1tica 6<\/span><\/strong><\/a>: Estudo da MACS com a calculadora gr\u00e1fica<\/span><br \/><strong><em>Formador<\/em><\/strong>: Dolcinia Almeida, Esc. Sec. de Anadia.<\/p>\n<p><span style=\"color: #99cc00;\"><a style=\"color: #99cc00;\" href=\"https:\/\/wordpress.apm.pt\/wp-content\/uploads\/2020\/10\/SP7_ManuelMarques_AntonioCardoso.mp4\" target=\"_blank\" rel=\"noopener noreferrer\"><strong><span style=\"text-decoration: underline;\">Sess\u00e3o pr\u00e1tica 7<\/span><\/strong><\/a>: Python com a calculadora gr\u00e1fica Casio<\/span><br \/><strong><em>Formador<\/em><\/strong>: Manuel Marques, Esc. Sec. Gil Eanes (Lagos) e Ant\u00f3nio Cardoso, Esc. Sec. Dr. Hernani Cidade (Redondo).<\/p>\n<\/div>\n\n\n\n<div class=\"wp-block-buttons is-layout-flex wp-block-buttons-is-layout-flex\"><\/div>\n\n\n\n<div class=\"wp-block-buttons is-layout-flex wp-block-buttons-is-layout-flex\"><\/div>\n\n\n\n<div class=\"wp-block-buttons is-layout-flex wp-block-buttons-is-layout-flex\"><\/div>\n","protected":false},"excerpt":{"rendered":"<p>O Grupo de Trabalho Casio+ da APM realiza um intenso trabalho na forma\u00e7\u00e3o de professores e na divulga\u00e7\u00e3o de atividades que tiram partido do uso da tecnologia (nomeadamente a tecnologia gr\u00e1fica Casio) A calculadora no ensino a dist\u00e2ncia Os dias tem\u00e1ticos s\u00e3o uma iniciativa do Grupo de trabalho Casio+ com o apoio da Casio Portugal. [&hellip;]<\/p>\n","protected":false},"author":1,"featured_media":0,"parent":0,"menu_order":0,"comment_status":"closed","ping_status":"closed","template":"","meta":{"_monsterinsights_skip_tracking":false,"_monsterinsights_sitenote_active":false,"_monsterinsights_sitenote_note":"","_monsterinsights_sitenote_category":0,"jetpack_post_was_ever_published":false,"footnotes":""},"class_list":["post-3164","page","type-page","status-publish","hentry"],"jetpack_sharing_enabled":true,"jetpack_shortlink":"https:\/\/wp.me\/P8Nl6b-P2","jetpack-related-posts":[],"_links":{"self":[{"href":"https:\/\/wordpress.apm.pt\/index.php?rest_route=\/wp\/v2\/pages\/3164","targetHints":{"allow":["GET"]}}],"collection":[{"href":"https:\/\/wordpress.apm.pt\/index.php?rest_route=\/wp\/v2\/pages"}],"about":[{"href":"https:\/\/wordpress.apm.pt\/index.php?rest_route=\/wp\/v2\/types\/page"}],"author":[{"embeddable":true,"href":"https:\/\/wordpress.apm.pt\/index.php?rest_route=\/wp\/v2\/users\/1"}],"replies":[{"embeddable":true,"href":"https:\/\/wordpress.apm.pt\/index.php?rest_route=%2Fwp%2Fv2%2Fcomments&post=3164"}],"version-history":[{"count":9,"href":"https:\/\/wordpress.apm.pt\/index.php?rest_route=\/wp\/v2\/pages\/3164\/revisions"}],"predecessor-version":[{"id":3219,"href":"https:\/\/wordpress.apm.pt\/index.php?rest_route=\/wp\/v2\/pages\/3164\/revisions\/3219"}],"wp:attachment":[{"href":"https:\/\/wordpress.apm.pt\/index.php?rest_route=%2Fwp%2Fv2%2Fmedia&parent=3164"}],"curies":[{"name":"wp","href":"https:\/\/api.w.org\/{rel}","templated":true}]}}