{"id":87,"date":"2017-07-22T16:22:56","date_gmt":"2017-07-22T16:22:56","guid":{"rendered":"https:\/\/wordpress.apm.pt\/?page_id=87"},"modified":"2018-01-15T16:16:55","modified_gmt":"2018-01-15T16:16:55","slug":"contactos","status":"publish","type":"page","link":"https:\/\/wordpress.apm.pt\/?page_id=87","title":{"rendered":"Contactos"},"content":{"rendered":"<p>A nossa localiza\u00e7\u00e3o:<\/p>\n<p><iframe loading=\"lazy\" style=\"border: 0;\" src=\"https:\/\/www.google.com\/maps\/embed?pb=!1m14!1m8!1m3!1d12446.101394643252!2d-9.1891578!3d38.751653!3m2!1i1024!2i768!4f13.1!3m3!1m2!1s0x0%3A0x6276f32795913359!2sAssocia%C3%A7%C3%A3o+de+Professores+de+Matem%C3%A1tica!5e0!3m2!1spt-PT!2spt!4v1500741365836\" width=\"400\" height=\"300\" frameborder=\"0\" allowfullscreen=\"allowfullscreen\"><\/iframe><\/p>\n<p>&nbsp;<\/p>\n<p><strong>Sede nacional<\/strong><\/p>\n<p>Rua Dr. Jo\u00e3o Couto, n.\u00ba 27-A<br \/>\n1500-236 Lisboa<\/p>\n<p>Tel.: +351 21 716 36 90 \/ 21 711 03 77<br \/>\nFax:\u00a0+351 21 716 64 24<\/p>\n<p>Hor\u00e1rio da sede:<\/p>\n<p>Para atendimento ao p\u00fablico,\u00a0 funcionamento da loja, trabalho e encontro entre os s\u00f3cios, a sede da associa\u00e7\u00e3o est\u00e1 aberta e a funcionar, todos os dias \u00fateis, das 10 \u00e0s 19 horas.<\/p>\n<p><strong>Endere\u00e7os Electr\u00f3nicos:<\/strong><\/p>\n<p><strong>Geral: <\/strong><a href=\"https:\/\/web.archive.org\/web\/20150411172637\/mailto:geral@apm.pt\">geral@apm.pt<\/a><\/p>\n<p><strong>Direc\u00e7\u00e3o da APM<\/strong>: <a href=\"https:\/\/web.archive.org\/web\/20150411172637\/mailto:direccao@apm.pt\">direccao@apm.pt<\/a><\/p>\n<p><strong>Centro de Forma\u00e7\u00e3o: <span id=\"cloak28b7bcaf011658f6c2226110fc5da923\"><\/span><\/strong><span id=\"cloak28b7bcaf011658f6c2226110fc5da923\"><a href=\"mailto:centroformacaoapm@gmail.com\">centroformacaoapm@gmail.com<\/a><\/span><\/p>\n<p><strong>Revista Educa\u00e7\u00e3o e Matem\u00e1tica<\/strong>: <a href=\"https:\/\/web.archive.org\/web\/20150411172637\/mailto:revista@apm.pt\">revista@apm.pt<\/a><\/p>\n<p><strong>Revista Quadrante<\/strong>: <a href=\"https:\/\/web.archive.org\/web\/20150411172637\/mailto:quadrante@apm.pt\">quadrante@apm.pt<\/a><\/p>\n<p><strong>Atendimento a S\u00f3cios<\/strong>:<br \/>\nCeleste Ferreira: <a href=\"https:\/\/web.archive.org\/web\/20150411172637\/mailto:socio@apm.pt\">socio@apm.pt<\/a><\/p>\n<p><strong>Centro de Recursos<\/strong>:<br \/>\nAna Pereira: <a href=\"https:\/\/web.archive.org\/web\/20150411172637\/mailto:crecursos@apm.pt\">crecursos@apm.pt<\/a><\/p>\n<p><strong>Encomendas e outros assuntos da Loja APM<\/strong>:<br \/>\nCeleste Ferreira: <a href=\"https:\/\/web.archive.org\/web\/20150411172637\/mailto:encomenda@apm.pt\">encomenda@apm.pt<\/a><\/p>\n<p>&nbsp;<\/p>\n<p>&nbsp;<\/p>\n","protected":false},"excerpt":{"rendered":"<p>A nossa localiza\u00e7\u00e3o: &nbsp; Sede nacional Rua Dr. Jo\u00e3o Couto, n.\u00ba 27-A 1500-236 Lisboa Tel.: +351 21 716 36 90 \/ 21 711 03 77 Fax:\u00a0+351 21 716 64 24 Hor\u00e1rio da sede: Para atendimento ao p\u00fablico,\u00a0 funcionamento da loja, trabalho e encontro entre os s\u00f3cios, a sede da associa\u00e7\u00e3o est\u00e1 aberta e a funcionar, [&hellip;]<\/p>\n","protected":false},"author":1,"featured_media":0,"parent":0,"menu_order":0,"comment_status":"closed","ping_status":"closed","template":"fullwidth.php","meta":{"_monsterinsights_skip_tracking":false,"_monsterinsights_sitenote_active":false,"_monsterinsights_sitenote_note":"","_monsterinsights_sitenote_category":0,"jetpack_post_was_ever_published":false,"footnotes":""},"class_list":["post-87","page","type-page","status-publish","hentry"],"jetpack_sharing_enabled":true,"jetpack_shortlink":"https:\/\/wp.me\/P8Nl6b-1p","jetpack-related-posts":[],"_links":{"self":[{"href":"https:\/\/wordpress.apm.pt\/index.php?rest_route=\/wp\/v2\/pages\/87","targetHints":{"allow":["GET"]}}],"collection":[{"href":"https:\/\/wordpress.apm.pt\/index.php?rest_route=\/wp\/v2\/pages"}],"about":[{"href":"https:\/\/wordpress.apm.pt\/index.php?rest_route=\/wp\/v2\/types\/page"}],"author":[{"embeddable":true,"href":"https:\/\/wordpress.apm.pt\/index.php?rest_route=\/wp\/v2\/users\/1"}],"replies":[{"embeddable":true,"href":"https:\/\/wordpress.apm.pt\/index.php?rest_route=%2Fwp%2Fv2%2Fcomments&post=87"}],"version-history":[{"count":11,"href":"https:\/\/wordpress.apm.pt\/index.php?rest_route=\/wp\/v2\/pages\/87\/revisions"}],"predecessor-version":[{"id":921,"href":"https:\/\/wordpress.apm.pt\/index.php?rest_route=\/wp\/v2\/pages\/87\/revisions\/921"}],"wp:attachment":[{"href":"https:\/\/wordpress.apm.pt\/index.php?rest_route=%2Fwp%2Fv2%2Fmedia&parent=87"}],"curies":[{"name":"wp","href":"https:\/\/api.w.org\/{rel}","templated":true}]}}